{"id":575,"date":"2020-01-19T16:13:35","date_gmt":"2020-01-19T20:13:35","guid":{"rendered":"http:\/\/gpabdoncalderon.gob.ec\/azuay\/?page_id=575"},"modified":"2021-07-21T12:32:33","modified_gmt":"2021-07-21T16:32:33","slug":"rendicion-de-cuentas-2020","status":"publish","type":"page","link":"https:\/\/gpabdoncalderon.gob.ec\/azuay\/rendicion-de-cuentas-2020\/","title":{"rendered":"Rendici\u00f3n de Cuentas 2020"},"content":{"rendered":"[vc_row][vc_column][vc_tta_accordion][vc_tta_section title=\u00bbGAD Parroquial\u00bb tab_id=\u00bb1623958227374-5c58b2af-8ac5&#8243;][vc_column_text]\n<p><a href=\"https:\/\/gpabdoncalderon.gob.ec\/azuay\/wp-content\/uploads\/2021\/06\/INFORME-DE-RENDICION-DE-CUENTAS-2020-GAD-PARROQUIAL.pdf\">INFORME DE RENDICION DE CUENTAS 2020- GAD PARROQUIAL<\/a><\/p>\n<p><a href=\"https:\/\/gpabdoncalderon.gob.ec\/azuay\/wp-content\/uploads\/2021\/07\/FORMULARIO-DE-RENDICION-DE-CUENTAS-2020-GAD-ABDON-CALDERON.pdf\">FORMULARIO DE RENDICION DE CUENTAS 2020 GAD ABDON CALDERON<\/a><\/p>\n[\/vc_column_text][\/vc_tta_section][vc_tta_section title=\u00bbPresidente\u00bb tab_id=\u00bb1623958227409-e7d13602-b593&#8243;][vc_column_text]\n<p><a href=\"https:\/\/gpabdoncalderon.gob.ec\/azuay\/wp-content\/uploads\/2021\/06\/FORMULARIO-AUTORIDAD-SR.-GALO-TOLEDO-PRESIDENTE.pdf\">FORMULARIO AUTORIDAD SR. GALO TOLEDO PRESIDENTE<\/a><\/p>\n<p>&nbsp;<\/p>\n[\/vc_column_text][\/vc_tta_section][vc_tta_section title=\u00bbVicepresidente\u00bb tab_id=\u00bb1624580994717-31876c91-3c8a\u00bb][vc_column_text]\n<p><a href=\"https:\/\/gpabdoncalderon.gob.ec\/azuay\/wp-content\/uploads\/2021\/06\/FORMULARIO-AUTORIDAD-TOBIAS-CAJAMARCA.xls.pdf\">FORMULARIO AUTORIDAD TOBIAS CAJAMARCA.xls<\/a><\/p>\n<p>&nbsp;<\/p>\n[\/vc_column_text][\/vc_tta_section][vc_tta_section title=\u00bb1er Vocal\u00bb tab_id=\u00bb1623958297630-1198d4bc-8fad\u00bb][vc_column_text]\n<p><a href=\"https:\/\/gpabdoncalderon.gob.ec\/azuay\/wp-content\/uploads\/2021\/06\/FORMULARIO-AUTORIDAD-PATRICIA-BARROS.pdf\">FORMULARIO AUTORIDAD PATRICIA BARROS<\/a><\/p>\n<p>&nbsp;<\/p>\n[\/vc_column_text][\/vc_tta_section][vc_tta_section title=\u00bb2do Vocal\u00bb tab_id=\u00bb1623958330451-fee7c70c-7d92&#8243;][vc_column_text]\n<p><a href=\"https:\/\/gpabdoncalderon.gob.ec\/azuay\/wp-content\/uploads\/2021\/06\/FORMULARIO-AUTORIDAD-TITO-BECERRA.pdf\">FORMULARIO AUTORIDAD TITO BECERRA<\/a><\/p>\n<p>&nbsp;<\/p>\n[\/vc_column_text][\/vc_tta_section][vc_tta_section title=\u00bb3er Vocal\u00bb tab_id=\u00bb1623958332553-aa29634c-0caa\u00bb][vc_column_text]\n<p><a href=\"https:\/\/gpabdoncalderon.gob.ec\/azuay\/wp-content\/uploads\/2021\/06\/FORMULARIO-AUTORIDAD-JOHANA-CALLE.pdf\">FORMULARIO AUTORIDAD JOHANA CALLE<\/a><\/p>\n<p>&nbsp;<\/p>\n[\/vc_column_text][\/vc_tta_section][\/vc_tta_accordion][\/vc_column][\/vc_row]\n","protected":false},"excerpt":{"rendered":"<p>[vc_row][vc_column][vc_tta_accordion][vc_tta_section title=\u00bbGAD Parroquial\u00bb tab_id=\u00bb1623958227374-5c58b2af-8ac5&#8243;][vc_column_text] INFORME DE RENDICION DE CUENTAS 2020- GAD PARROQUIAL FORMULARIO DE RENDICION DE CUENTAS 2020 GAD ABDON CALDERON [\/vc_column_text][\/vc_tta_section][vc_tta_section title=\u00bbPresidente\u00bb tab_id=\u00bb1623958227409-e7d13602-b593&#8243;][vc_column_text] FORMULARIO AUTORIDAD SR. GALO TOLEDO PRESIDENTE &nbsp; [\/vc_column_text][\/vc_tta_section][vc_tta_section title=\u00bbVicepresidente\u00bb tab_id=\u00bb1624580994717-31876c91-3c8a\u00bb][vc_column_text] FORMULARIO AUTORIDAD TOBIAS CAJAMARCA.xls &nbsp; [\/vc_column_text][\/vc_tta_section][vc_tta_section title=\u00bb1er Vocal\u00bb tab_id=\u00bb1623958297630-1198d4bc-8fad\u00bb][vc_column_text] FORMULARIO AUTORIDAD PATRICIA BARROS &nbsp; [\/vc_column_text][\/vc_tta_section][vc_tta_section title=\u00bb2do Vocal\u00bb tab_id=\u00bb1623958330451-fee7c70c-7d92&#8243;][vc_column_text] FORMULARIO AUTORIDAD TITO [&hellip;]<\/p>\n","protected":false},"author":6,"featured_media":0,"parent":0,"menu_order":0,"comment_status":"closed","ping_status":"closed","template":"","meta":{"footnotes":""},"class_list":["post-575","page","type-page","status-publish","hentry"],"yoast_head":"<!-- This site is optimized with the Yoast SEO plugin v24.1 - https:\/\/yoast.com\/wordpress\/plugins\/seo\/ -->\n<title>Rendici\u00f3n de Cuentas 2020 - GAD parroquial Abd\u00f3n Calder\u00f3n<\/title>\n<meta name=\"robots\" content=\"index, follow, max-snippet:-1, max-image-preview:large, max-video-preview:-1\" \/>\n<link rel=\"canonical\" href=\"https:\/\/gpabdoncalderon.gob.ec\/azuay\/rendicion-de-cuentas-2020\/\" \/>\n<meta property=\"og:locale\" content=\"es_ES\" \/>\n<meta property=\"og:type\" content=\"article\" \/>\n<meta property=\"og:title\" content=\"Rendici\u00f3n de Cuentas 2020 - GAD parroquial Abd\u00f3n Calder\u00f3n\" \/>\n<meta property=\"og:description\" content=\"[vc_row][vc_column][vc_tta_accordion][vc_tta_section title=\u00bbGAD Parroquial\u00bb tab_id=\u00bb1623958227374-5c58b2af-8ac5&#8243;][vc_column_text] INFORME DE RENDICION DE CUENTAS 2020- GAD PARROQUIAL FORMULARIO DE RENDICION DE CUENTAS 2020 GAD ABDON CALDERON [\/vc_column_text][\/vc_tta_section][vc_tta_section title=\u00bbPresidente\u00bb tab_id=\u00bb1623958227409-e7d13602-b593&#8243;][vc_column_text] FORMULARIO AUTORIDAD SR. GALO TOLEDO PRESIDENTE &nbsp; [\/vc_column_text][\/vc_tta_section][vc_tta_section title=\u00bbVicepresidente\u00bb tab_id=\u00bb1624580994717-31876c91-3c8a\u00bb][vc_column_text] FORMULARIO AUTORIDAD TOBIAS CAJAMARCA.xls &nbsp; [\/vc_column_text][\/vc_tta_section][vc_tta_section title=\u00bb1er Vocal\u00bb tab_id=\u00bb1623958297630-1198d4bc-8fad\u00bb][vc_column_text] FORMULARIO AUTORIDAD PATRICIA BARROS &nbsp; [\/vc_column_text][\/vc_tta_section][vc_tta_section title=\u00bb2do Vocal\u00bb tab_id=\u00bb1623958330451-fee7c70c-7d92&#8243;][vc_column_text] FORMULARIO AUTORIDAD TITO [&hellip;]\" \/>\n<meta property=\"og:url\" content=\"https:\/\/gpabdoncalderon.gob.ec\/azuay\/rendicion-de-cuentas-2020\/\" \/>\n<meta property=\"og:site_name\" content=\"GAD parroquial Abd\u00f3n Calder\u00f3n\" \/>\n<meta property=\"article:modified_time\" content=\"2021-07-21T16:32:33+00:00\" \/>\n<meta name=\"twitter:card\" content=\"summary_large_image\" \/>\n<meta name=\"twitter:label1\" content=\"Tiempo de lectura\" \/>\n\t<meta name=\"twitter:data1\" content=\"1 minuto\" \/>\n<script type=\"application\/ld+json\" class=\"yoast-schema-graph\">{\"@context\":\"https:\/\/schema.org\",\"@graph\":[{\"@type\":\"WebPage\",\"@id\":\"https:\/\/gpabdoncalderon.gob.ec\/azuay\/rendicion-de-cuentas-2020\/\",\"url\":\"https:\/\/gpabdoncalderon.gob.ec\/azuay\/rendicion-de-cuentas-2020\/\",\"name\":\"Rendici\u00f3n de Cuentas 2020 - GAD parroquial Abd\u00f3n Calder\u00f3n\",\"isPartOf\":{\"@id\":\"https:\/\/gpabdoncalderon.gob.ec\/azuay\/#website\"},\"datePublished\":\"2020-01-19T20:13:35+00:00\",\"dateModified\":\"2021-07-21T16:32:33+00:00\",\"breadcrumb\":{\"@id\":\"https:\/\/gpabdoncalderon.gob.ec\/azuay\/rendicion-de-cuentas-2020\/#breadcrumb\"},\"inLanguage\":\"es\",\"potentialAction\":[{\"@type\":\"ReadAction\",\"target\":[\"https:\/\/gpabdoncalderon.gob.ec\/azuay\/rendicion-de-cuentas-2020\/\"]}]},{\"@type\":\"BreadcrumbList\",\"@id\":\"https:\/\/gpabdoncalderon.gob.ec\/azuay\/rendicion-de-cuentas-2020\/#breadcrumb\",\"itemListElement\":[{\"@type\":\"ListItem\",\"position\":1,\"name\":\"Home\",\"item\":\"https:\/\/gpabdoncalderon.gob.ec\/azuay\/\"},{\"@type\":\"ListItem\",\"position\":2,\"name\":\"Rendici\u00f3n de Cuentas 2020\"}]},{\"@type\":\"WebSite\",\"@id\":\"https:\/\/gpabdoncalderon.gob.ec\/azuay\/#website\",\"url\":\"https:\/\/gpabdoncalderon.gob.ec\/azuay\/\",\"name\":\"GAD parroquial Abd\u00f3n Calder\u00f3n\",\"description\":\"Sitio Oficial del GAD Parroquial Abd\u00f3n Calder\u00f3n Azuay\",\"publisher\":{\"@id\":\"https:\/\/gpabdoncalderon.gob.ec\/azuay\/#organization\"},\"potentialAction\":[{\"@type\":\"SearchAction\",\"target\":{\"@type\":\"EntryPoint\",\"urlTemplate\":\"https:\/\/gpabdoncalderon.gob.ec\/azuay\/?s={search_term_string}\"},\"query-input\":{\"@type\":\"PropertyValueSpecification\",\"valueRequired\":true,\"valueName\":\"search_term_string\"}}],\"inLanguage\":\"es\"},{\"@type\":\"Organization\",\"@id\":\"https:\/\/gpabdoncalderon.gob.ec\/azuay\/#organization\",\"name\":\"GAD Abd\u00f3n Calder\u00f3n\",\"url\":\"https:\/\/gpabdoncalderon.gob.ec\/azuay\/\",\"logo\":{\"@type\":\"ImageObject\",\"inLanguage\":\"es\",\"@id\":\"https:\/\/gpabdoncalderon.gob.ec\/azuay\/#\/schema\/logo\/image\/\",\"url\":\"https:\/\/gpabdoncalderon.gob.ec\/azuay\/wp-content\/uploads\/2020\/06\/logoFooter.png\",\"contentUrl\":\"https:\/\/gpabdoncalderon.gob.ec\/azuay\/wp-content\/uploads\/2020\/06\/logoFooter.png\",\"width\":200,\"height\":150,\"caption\":\"GAD Abd\u00f3n Calder\u00f3n\"},\"image\":{\"@id\":\"https:\/\/gpabdoncalderon.gob.ec\/azuay\/#\/schema\/logo\/image\/\"}}]}<\/script>\n<!-- \/ Yoast SEO plugin. -->","yoast_head_json":{"title":"Rendici\u00f3n de Cuentas 2020 - GAD parroquial Abd\u00f3n Calder\u00f3n","robots":{"index":"index","follow":"follow","max-snippet":"max-snippet:-1","max-image-preview":"max-image-preview:large","max-video-preview":"max-video-preview:-1"},"canonical":"https:\/\/gpabdoncalderon.gob.ec\/azuay\/rendicion-de-cuentas-2020\/","og_locale":"es_ES","og_type":"article","og_title":"Rendici\u00f3n de Cuentas 2020 - GAD parroquial Abd\u00f3n Calder\u00f3n","og_description":"[vc_row][vc_column][vc_tta_accordion][vc_tta_section title=\u00bbGAD Parroquial\u00bb tab_id=\u00bb1623958227374-5c58b2af-8ac5&#8243;][vc_column_text] INFORME DE RENDICION DE CUENTAS 2020- GAD PARROQUIAL FORMULARIO DE RENDICION DE CUENTAS 2020 GAD ABDON CALDERON [\/vc_column_text][\/vc_tta_section][vc_tta_section title=\u00bbPresidente\u00bb tab_id=\u00bb1623958227409-e7d13602-b593&#8243;][vc_column_text] FORMULARIO AUTORIDAD SR. GALO TOLEDO PRESIDENTE &nbsp; [\/vc_column_text][\/vc_tta_section][vc_tta_section title=\u00bbVicepresidente\u00bb tab_id=\u00bb1624580994717-31876c91-3c8a\u00bb][vc_column_text] FORMULARIO AUTORIDAD TOBIAS CAJAMARCA.xls &nbsp; [\/vc_column_text][\/vc_tta_section][vc_tta_section title=\u00bb1er Vocal\u00bb tab_id=\u00bb1623958297630-1198d4bc-8fad\u00bb][vc_column_text] FORMULARIO AUTORIDAD PATRICIA BARROS &nbsp; [\/vc_column_text][\/vc_tta_section][vc_tta_section title=\u00bb2do Vocal\u00bb tab_id=\u00bb1623958330451-fee7c70c-7d92&#8243;][vc_column_text] FORMULARIO AUTORIDAD TITO [&hellip;]","og_url":"https:\/\/gpabdoncalderon.gob.ec\/azuay\/rendicion-de-cuentas-2020\/","og_site_name":"GAD parroquial Abd\u00f3n Calder\u00f3n","article_modified_time":"2021-07-21T16:32:33+00:00","twitter_card":"summary_large_image","twitter_misc":{"Tiempo de lectura":"1 minuto"},"schema":{"@context":"https:\/\/schema.org","@graph":[{"@type":"WebPage","@id":"https:\/\/gpabdoncalderon.gob.ec\/azuay\/rendicion-de-cuentas-2020\/","url":"https:\/\/gpabdoncalderon.gob.ec\/azuay\/rendicion-de-cuentas-2020\/","name":"Rendici\u00f3n de Cuentas 2020 - GAD parroquial Abd\u00f3n Calder\u00f3n","isPartOf":{"@id":"https:\/\/gpabdoncalderon.gob.ec\/azuay\/#website"},"datePublished":"2020-01-19T20:13:35+00:00","dateModified":"2021-07-21T16:32:33+00:00","breadcrumb":{"@id":"https:\/\/gpabdoncalderon.gob.ec\/azuay\/rendicion-de-cuentas-2020\/#breadcrumb"},"inLanguage":"es","potentialAction":[{"@type":"ReadAction","target":["https:\/\/gpabdoncalderon.gob.ec\/azuay\/rendicion-de-cuentas-2020\/"]}]},{"@type":"BreadcrumbList","@id":"https:\/\/gpabdoncalderon.gob.ec\/azuay\/rendicion-de-cuentas-2020\/#breadcrumb","itemListElement":[{"@type":"ListItem","position":1,"name":"Home","item":"https:\/\/gpabdoncalderon.gob.ec\/azuay\/"},{"@type":"ListItem","position":2,"name":"Rendici\u00f3n de Cuentas 2020"}]},{"@type":"WebSite","@id":"https:\/\/gpabdoncalderon.gob.ec\/azuay\/#website","url":"https:\/\/gpabdoncalderon.gob.ec\/azuay\/","name":"GAD parroquial Abd\u00f3n Calder\u00f3n","description":"Sitio Oficial del GAD Parroquial Abd\u00f3n Calder\u00f3n Azuay","publisher":{"@id":"https:\/\/gpabdoncalderon.gob.ec\/azuay\/#organization"},"potentialAction":[{"@type":"SearchAction","target":{"@type":"EntryPoint","urlTemplate":"https:\/\/gpabdoncalderon.gob.ec\/azuay\/?s={search_term_string}"},"query-input":{"@type":"PropertyValueSpecification","valueRequired":true,"valueName":"search_term_string"}}],"inLanguage":"es"},{"@type":"Organization","@id":"https:\/\/gpabdoncalderon.gob.ec\/azuay\/#organization","name":"GAD Abd\u00f3n Calder\u00f3n","url":"https:\/\/gpabdoncalderon.gob.ec\/azuay\/","logo":{"@type":"ImageObject","inLanguage":"es","@id":"https:\/\/gpabdoncalderon.gob.ec\/azuay\/#\/schema\/logo\/image\/","url":"https:\/\/gpabdoncalderon.gob.ec\/azuay\/wp-content\/uploads\/2020\/06\/logoFooter.png","contentUrl":"https:\/\/gpabdoncalderon.gob.ec\/azuay\/wp-content\/uploads\/2020\/06\/logoFooter.png","width":200,"height":150,"caption":"GAD Abd\u00f3n Calder\u00f3n"},"image":{"@id":"https:\/\/gpabdoncalderon.gob.ec\/azuay\/#\/schema\/logo\/image\/"}}]}},"_links":{"self":[{"href":"https:\/\/gpabdoncalderon.gob.ec\/azuay\/wp-json\/wp\/v2\/pages\/575","targetHints":{"allow":["GET"]}}],"collection":[{"href":"https:\/\/gpabdoncalderon.gob.ec\/azuay\/wp-json\/wp\/v2\/pages"}],"about":[{"href":"https:\/\/gpabdoncalderon.gob.ec\/azuay\/wp-json\/wp\/v2\/types\/page"}],"author":[{"embeddable":true,"href":"https:\/\/gpabdoncalderon.gob.ec\/azuay\/wp-json\/wp\/v2\/users\/6"}],"replies":[{"embeddable":true,"href":"https:\/\/gpabdoncalderon.gob.ec\/azuay\/wp-json\/wp\/v2\/comments?post=575"}],"version-history":[{"count":21,"href":"https:\/\/gpabdoncalderon.gob.ec\/azuay\/wp-json\/wp\/v2\/pages\/575\/revisions"}],"predecessor-version":[{"id":783,"href":"https:\/\/gpabdoncalderon.gob.ec\/azuay\/wp-json\/wp\/v2\/pages\/575\/revisions\/783"}],"wp:attachment":[{"href":"https:\/\/gpabdoncalderon.gob.ec\/azuay\/wp-json\/wp\/v2\/media?parent=575"}],"curies":[{"name":"wp","href":"https:\/\/api.w.org\/{rel}","templated":true}]}}